{"id":1039,"date":"2020-09-10T12:31:58","date_gmt":"2020-09-10T15:31:58","guid":{"rendered":"https:\/\/scemt.org\/?page_id=1039"},"modified":"2020-09-10T12:32:01","modified_gmt":"2020-09-10T15:32:01","slug":"10-de-septiembre-dia-internacional-para-la-prevencion-del-suicidio","status":"publish","type":"page","link":"https:\/\/scemt.org\/?page_id=1039","title":{"rendered":"10 de Septiembre: D\u00eda Internacional para la Prevenci\u00f3n del Suicidio"},"content":{"rendered":"\n<figure class=\"wp-block-image size-large\"><img loading=\"lazy\" decoding=\"async\" width=\"1024\" height=\"1024\" src=\"https:\/\/scemt.org\/wp-content\/uploads\/2020\/09\/Suicidio-1024x1024.png\" alt=\"\" class=\"wp-image-1044\" srcset=\"https:\/\/scemt.org\/wp-content\/uploads\/2020\/09\/Suicidio-1024x1024.png 1024w, https:\/\/scemt.org\/wp-content\/uploads\/2020\/09\/Suicidio-300x300.png 300w, https:\/\/scemt.org\/wp-content\/uploads\/2020\/09\/Suicidio-150x150.png 150w, https:\/\/scemt.org\/wp-content\/uploads\/2020\/09\/Suicidio-768x768.png 768w, https:\/\/scemt.org\/wp-content\/uploads\/2020\/09\/Suicidio-160x160.png 160w, https:\/\/scemt.org\/wp-content\/uploads\/2020\/09\/Suicidio-320x320.png 320w, https:\/\/scemt.org\/wp-content\/uploads\/2020\/09\/Suicidio.png 1440w\" sizes=\"auto, (max-width: 1024px) 100vw, 1024px\" \/><\/figure>\n\n\n<p>Este d\u00eda se fomentan compromisos y medidas pr\u00e1cticas para prevenir los suicidios, lo que se conoce como el acto de quitarse deliberadamente la propia vida<\/p>\n<p>Los pensamientos suicidas pueden tener distintas causas. Con mayor frecuencia, son el resultado de sentimientos que no se pueden afrontar cuando se presenta una situaci\u00f3n abrumadora en la vida y, en medio de una crisis, se cree que el suicidio es la \u00fanica salida. Tambi\u00e9n puede existir una propensi\u00f3n gen\u00e9tica al suicidio. Las personas que cometen suicidio o que tienen pensamientos o conductas suicidas suelen tener antecedentes familiares de suicidio.<\/p>\n<p>Aunque los intentos de suicidio son m\u00e1s frecuentes entre las mujeres, los hombres son m\u00e1s propensos a completar el suicidio ya que tienden a usar m\u00e9todos m\u00e1s letales. Hay mayor riesgo de suicidio si existe antecedente de intentos suicidas, ante sentimiento de desesperanza, inutilidad, aislamiento social, ante problemas de abuso de sustancias, trastornos psiqui\u00e1tricos no tratados, entre otros.<\/p>\n<p>Para ayudarte a evitar pensar en el suicidio se necesita <strong>buscar tratamiento<\/strong> (tratar la causa de fondo), <strong>crea una red de apoyo <\/strong><strong>(p<\/strong>rocura conectarte con las personas que se preocupan por ti y aseg\u00farate de que sepan lo que est\u00e1 sucediendo), <strong>recuerda que los sentimientos suicidas son temporales <\/strong><strong>(<\/strong>el tratamiento puede ayudarte a recuperar la perspectiva y a mejorar tu vida).<\/p>\n<p style=\"text-align: center;\"><em>Si est\u00e1s pensando en suicidarte o conoces a alguien que est\u00e9 teniendo sentimientos suicidas, aprende a identificar los signos de advertencia del suicidio y a comunicarte para buscar ayuda y tratamiento profesional de inmediato. Puedes salvar una vida; la tuya o la de otro.<\/em><\/p>\n<p>\u00a0<\/p>\n\n\n<p><\/p>\n","protected":false},"excerpt":{"rendered":"<p>Este d\u00eda se fomentan compromisos y medidas pr\u00e1cticas para prevenir los suicidios, lo que se conoce como el acto de quitarse deliberadamente la propia vida Los pensamientos suicidas pueden tener distintas causas. Con mayor&#46;&#46;&#46;<\/p>\n","protected":false},"author":1,"featured_media":1044,"parent":0,"menu_order":0,"comment_status":"closed","ping_status":"closed","template":"","meta":{"_mc_calendar":[],"footnotes":""},"class_list":["post-1039","page","type-page","status-publish","has-post-thumbnail","hentry"],"yoast_head":"<!-- This site is optimized with the Yoast SEO plugin v25.2 - https:\/\/yoast.com\/wordpress\/plugins\/seo\/ -->\n<title>10 de Septiembre: D\u00eda Internacional para la Prevenci\u00f3n del Suicidio - SCEMT<\/title>\n<meta name=\"robots\" content=\"index, follow, max-snippet:-1, max-image-preview:large, max-video-preview:-1\" \/>\n<link rel=\"canonical\" href=\"https:\/\/scemt.org\/?page_id=1039\" \/>\n<meta property=\"og:locale\" content=\"es_ES\" \/>\n<meta property=\"og:type\" content=\"article\" \/>\n<meta property=\"og:title\" content=\"10 de Septiembre: D\u00eda Internacional para la Prevenci\u00f3n del Suicidio - SCEMT\" \/>\n<meta property=\"og:description\" content=\"Este d\u00eda se fomentan compromisos y medidas pr\u00e1cticas para prevenir los suicidios, lo que se conoce como el acto de quitarse deliberadamente la propia vida Los pensamientos suicidas pueden tener distintas causas. Con mayor&#046;&#046;&#046;\" \/>\n<meta property=\"og:url\" content=\"https:\/\/scemt.org\/?page_id=1039\" \/>\n<meta property=\"og:site_name\" content=\"SCEMT\" \/>\n<meta property=\"article:modified_time\" content=\"2020-09-10T15:32:01+00:00\" \/>\n<meta property=\"og:image\" content=\"https:\/\/scemt.org\/wp-content\/uploads\/2020\/09\/Suicidio.png\" \/>\n\t<meta property=\"og:image:width\" content=\"1440\" \/>\n\t<meta property=\"og:image:height\" content=\"1440\" \/>\n\t<meta property=\"og:image:type\" content=\"image\/png\" \/>\n<meta name=\"twitter:card\" content=\"summary_large_image\" \/>\n<meta name=\"twitter:label1\" content=\"Tiempo de lectura\" \/>\n\t<meta name=\"twitter:data1\" content=\"1 minuto\" \/>\n<script type=\"application\/ld+json\" class=\"yoast-schema-graph\">{\"@context\":\"https:\/\/schema.org\",\"@graph\":[{\"@type\":\"WebPage\",\"@id\":\"https:\/\/scemt.org\/?page_id=1039\",\"url\":\"https:\/\/scemt.org\/?page_id=1039\",\"name\":\"10 de Septiembre: D\u00eda Internacional para la Prevenci\u00f3n del Suicidio - SCEMT\",\"isPartOf\":{\"@id\":\"https:\/\/scemt.org\/#website\"},\"primaryImageOfPage\":{\"@id\":\"https:\/\/scemt.org\/?page_id=1039#primaryimage\"},\"image\":{\"@id\":\"https:\/\/scemt.org\/?page_id=1039#primaryimage\"},\"thumbnailUrl\":\"https:\/\/scemt.org\/wp-content\/uploads\/2020\/09\/Suicidio.png\",\"datePublished\":\"2020-09-10T15:31:58+00:00\",\"dateModified\":\"2020-09-10T15:32:01+00:00\",\"breadcrumb\":{\"@id\":\"https:\/\/scemt.org\/?page_id=1039#breadcrumb\"},\"inLanguage\":\"es-AR\",\"potentialAction\":[{\"@type\":\"ReadAction\",\"target\":[\"https:\/\/scemt.org\/?page_id=1039\"]}]},{\"@type\":\"ImageObject\",\"inLanguage\":\"es-AR\",\"@id\":\"https:\/\/scemt.org\/?page_id=1039#primaryimage\",\"url\":\"https:\/\/scemt.org\/wp-content\/uploads\/2020\/09\/Suicidio.png\",\"contentUrl\":\"https:\/\/scemt.org\/wp-content\/uploads\/2020\/09\/Suicidio.png\",\"width\":1440,\"height\":1440},{\"@type\":\"BreadcrumbList\",\"@id\":\"https:\/\/scemt.org\/?page_id=1039#breadcrumb\",\"itemListElement\":[{\"@type\":\"ListItem\",\"position\":1,\"name\":\"Inicio\",\"item\":\"https:\/\/scemt.org\/\"},{\"@type\":\"ListItem\",\"position\":2,\"name\":\"10 de Septiembre: D\u00eda Internacional para la Prevenci\u00f3n del Suicidio\"}]},{\"@type\":\"WebSite\",\"@id\":\"https:\/\/scemt.org\/#website\",\"url\":\"https:\/\/scemt.org\/\",\"name\":\"SCEMT\",\"description\":\"Sociedad Cient\u00edfica de Estudiantes de Medicina de Tucum\u00e1n\",\"publisher\":{\"@id\":\"https:\/\/scemt.org\/#organization\"},\"potentialAction\":[{\"@type\":\"SearchAction\",\"target\":{\"@type\":\"EntryPoint\",\"urlTemplate\":\"https:\/\/scemt.org\/?s={search_term_string}\"},\"query-input\":{\"@type\":\"PropertyValueSpecification\",\"valueRequired\":true,\"valueName\":\"search_term_string\"}}],\"inLanguage\":\"es-AR\"},{\"@type\":\"Organization\",\"@id\":\"https:\/\/scemt.org\/#organization\",\"name\":\"SCEMT\",\"url\":\"https:\/\/scemt.org\/\",\"logo\":{\"@type\":\"ImageObject\",\"inLanguage\":\"es-AR\",\"@id\":\"https:\/\/scemt.org\/#\/schema\/logo\/image\/\",\"url\":\"https:\/\/scemt.org\/wp-content\/uploads\/2023\/03\/Logo-SCEMT.png\",\"contentUrl\":\"https:\/\/scemt.org\/wp-content\/uploads\/2023\/03\/Logo-SCEMT.png\",\"width\":3794,\"height\":4393,\"caption\":\"SCEMT\"},\"image\":{\"@id\":\"https:\/\/scemt.org\/#\/schema\/logo\/image\/\"}}]}<\/script>\n<!-- \/ Yoast SEO plugin. -->","yoast_head_json":{"title":"10 de Septiembre: D\u00eda Internacional para la Prevenci\u00f3n del Suicidio - SCEMT","robots":{"index":"index","follow":"follow","max-snippet":"max-snippet:-1","max-image-preview":"max-image-preview:large","max-video-preview":"max-video-preview:-1"},"canonical":"https:\/\/scemt.org\/?page_id=1039","og_locale":"es_ES","og_type":"article","og_title":"10 de Septiembre: D\u00eda Internacional para la Prevenci\u00f3n del Suicidio - SCEMT","og_description":"Este d\u00eda se fomentan compromisos y medidas pr\u00e1cticas para prevenir los suicidios, lo que se conoce como el acto de quitarse deliberadamente la propia vida Los pensamientos suicidas pueden tener distintas causas. Con mayor&#46;&#46;&#46;","og_url":"https:\/\/scemt.org\/?page_id=1039","og_site_name":"SCEMT","article_modified_time":"2020-09-10T15:32:01+00:00","og_image":[{"width":1440,"height":1440,"url":"https:\/\/scemt.org\/wp-content\/uploads\/2020\/09\/Suicidio.png","type":"image\/png"}],"twitter_card":"summary_large_image","twitter_misc":{"Tiempo de lectura":"1 minuto"},"schema":{"@context":"https:\/\/schema.org","@graph":[{"@type":"WebPage","@id":"https:\/\/scemt.org\/?page_id=1039","url":"https:\/\/scemt.org\/?page_id=1039","name":"10 de Septiembre: D\u00eda Internacional para la Prevenci\u00f3n del Suicidio - SCEMT","isPartOf":{"@id":"https:\/\/scemt.org\/#website"},"primaryImageOfPage":{"@id":"https:\/\/scemt.org\/?page_id=1039#primaryimage"},"image":{"@id":"https:\/\/scemt.org\/?page_id=1039#primaryimage"},"thumbnailUrl":"https:\/\/scemt.org\/wp-content\/uploads\/2020\/09\/Suicidio.png","datePublished":"2020-09-10T15:31:58+00:00","dateModified":"2020-09-10T15:32:01+00:00","breadcrumb":{"@id":"https:\/\/scemt.org\/?page_id=1039#breadcrumb"},"inLanguage":"es-AR","potentialAction":[{"@type":"ReadAction","target":["https:\/\/scemt.org\/?page_id=1039"]}]},{"@type":"ImageObject","inLanguage":"es-AR","@id":"https:\/\/scemt.org\/?page_id=1039#primaryimage","url":"https:\/\/scemt.org\/wp-content\/uploads\/2020\/09\/Suicidio.png","contentUrl":"https:\/\/scemt.org\/wp-content\/uploads\/2020\/09\/Suicidio.png","width":1440,"height":1440},{"@type":"BreadcrumbList","@id":"https:\/\/scemt.org\/?page_id=1039#breadcrumb","itemListElement":[{"@type":"ListItem","position":1,"name":"Inicio","item":"https:\/\/scemt.org\/"},{"@type":"ListItem","position":2,"name":"10 de Septiembre: D\u00eda Internacional para la Prevenci\u00f3n del Suicidio"}]},{"@type":"WebSite","@id":"https:\/\/scemt.org\/#website","url":"https:\/\/scemt.org\/","name":"SCEMT","description":"Sociedad Cient\u00edfica de Estudiantes de Medicina de Tucum\u00e1n","publisher":{"@id":"https:\/\/scemt.org\/#organization"},"potentialAction":[{"@type":"SearchAction","target":{"@type":"EntryPoint","urlTemplate":"https:\/\/scemt.org\/?s={search_term_string}"},"query-input":{"@type":"PropertyValueSpecification","valueRequired":true,"valueName":"search_term_string"}}],"inLanguage":"es-AR"},{"@type":"Organization","@id":"https:\/\/scemt.org\/#organization","name":"SCEMT","url":"https:\/\/scemt.org\/","logo":{"@type":"ImageObject","inLanguage":"es-AR","@id":"https:\/\/scemt.org\/#\/schema\/logo\/image\/","url":"https:\/\/scemt.org\/wp-content\/uploads\/2023\/03\/Logo-SCEMT.png","contentUrl":"https:\/\/scemt.org\/wp-content\/uploads\/2023\/03\/Logo-SCEMT.png","width":3794,"height":4393,"caption":"SCEMT"},"image":{"@id":"https:\/\/scemt.org\/#\/schema\/logo\/image\/"}}]}},"jetpack_sharing_enabled":true,"_links":{"self":[{"href":"https:\/\/scemt.org\/index.php?rest_route=\/wp\/v2\/pages\/1039","targetHints":{"allow":["GET"]}}],"collection":[{"href":"https:\/\/scemt.org\/index.php?rest_route=\/wp\/v2\/pages"}],"about":[{"href":"https:\/\/scemt.org\/index.php?rest_route=\/wp\/v2\/types\/page"}],"author":[{"embeddable":true,"href":"https:\/\/scemt.org\/index.php?rest_route=\/wp\/v2\/users\/1"}],"replies":[{"embeddable":true,"href":"https:\/\/scemt.org\/index.php?rest_route=%2Fwp%2Fv2%2Fcomments&post=1039"}],"version-history":[{"count":1,"href":"https:\/\/scemt.org\/index.php?rest_route=\/wp\/v2\/pages\/1039\/revisions"}],"predecessor-version":[{"id":1045,"href":"https:\/\/scemt.org\/index.php?rest_route=\/wp\/v2\/pages\/1039\/revisions\/1045"}],"wp:featuredmedia":[{"embeddable":true,"href":"https:\/\/scemt.org\/index.php?rest_route=\/wp\/v2\/media\/1044"}],"wp:attachment":[{"href":"https:\/\/scemt.org\/index.php?rest_route=%2Fwp%2Fv2%2Fmedia&parent=1039"}],"curies":[{"name":"wp","href":"https:\/\/api.w.org\/{rel}","templated":true}]}}