{"id":1074,"date":"2020-09-22T13:17:52","date_gmt":"2020-09-22T16:17:52","guid":{"rendered":"https:\/\/scemt.org\/?page_id=1074"},"modified":"2020-09-22T13:22:37","modified_gmt":"2020-09-22T16:22:37","slug":"22-de-septiembre-dia-mundial-de-la-leucemia-mieloide-cronica","status":"publish","type":"page","link":"https:\/\/scemt.org\/?page_id=1074","title":{"rendered":"22 de Septiembre: D\u00eda Mundial de la Leucemia Mieloide Cr\u00f3nica"},"content":{"rendered":"\n<figure class=\"wp-block-image size-large\"><img loading=\"lazy\" decoding=\"async\" width=\"1024\" height=\"1024\" src=\"https:\/\/scemt.org\/wp-content\/uploads\/2020\/09\/D\u00cdA-MUNDIAL-DE-LA-LEUCEMIA-MIELOIDE-CR\u00d3NICA1-1024x1024.png\" alt=\"\" class=\"wp-image-1075\" srcset=\"https:\/\/scemt.org\/wp-content\/uploads\/2020\/09\/D\u00cdA-MUNDIAL-DE-LA-LEUCEMIA-MIELOIDE-CR\u00d3NICA1-1024x1024.png 1024w, https:\/\/scemt.org\/wp-content\/uploads\/2020\/09\/D\u00cdA-MUNDIAL-DE-LA-LEUCEMIA-MIELOIDE-CR\u00d3NICA1-300x300.png 300w, https:\/\/scemt.org\/wp-content\/uploads\/2020\/09\/D\u00cdA-MUNDIAL-DE-LA-LEUCEMIA-MIELOIDE-CR\u00d3NICA1-150x150.png 150w, https:\/\/scemt.org\/wp-content\/uploads\/2020\/09\/D\u00cdA-MUNDIAL-DE-LA-LEUCEMIA-MIELOIDE-CR\u00d3NICA1-768x768.png 768w, https:\/\/scemt.org\/wp-content\/uploads\/2020\/09\/D\u00cdA-MUNDIAL-DE-LA-LEUCEMIA-MIELOIDE-CR\u00d3NICA1-160x160.png 160w, https:\/\/scemt.org\/wp-content\/uploads\/2020\/09\/D\u00cdA-MUNDIAL-DE-LA-LEUCEMIA-MIELOIDE-CR\u00d3NICA1-320x320.png 320w, https:\/\/scemt.org\/wp-content\/uploads\/2020\/09\/D\u00cdA-MUNDIAL-DE-LA-LEUCEMIA-MIELOIDE-CR\u00d3NICA1.png 1080w\" sizes=\"auto, (max-width: 1024px) 100vw, 1024px\" \/><\/figure>\n\n\n<p>Este d\u00eda se conmemora con el objetivo de dar mayor visibilidad a esta patolog\u00eda y concienciar a la sociedad acerca de la misma.<\/p>\n<p>La <strong>leucemia mieloide cr\u00f3nica (LMC)<\/strong> surge como consecuencia de una mutaci\u00f3n adquirida en el ADN de una sola c\u00e9lula de la m\u00e9dula \u00f3sea. La c\u00e9lula mutada de la m\u00e9dula prolifera y sobrevive mejor que las c\u00e9lulas normales; si no se tratan, con el tiempo superan en cantidad a las c\u00e9lulas normales. El resultado t\u00edpico de la proliferaci\u00f3n descontrolada de las c\u00e9lulas de LMC en la m\u00e9dula es un aumento de la cantidad de estas mismas c\u00e9lulas\u00a0 en la sangre. La LMC no interfiere completamente con el desarrollo de los gl\u00f3bulos rojos, gl\u00f3bulos blancos y plaquetas maduros. Como resultado, la leucemia mieloide cr\u00f3nica suele ser menos seria que la leucemia aguda.<\/p>\n<p>Puede que las personas con LMC no tengan ning\u00fan s\u00edntoma en el momento del diagn\u00f3stico. Estas personas pueden ser diagnosticadas luego de un examen m\u00e9dico por otro problema o como parte de un chequeo peri\u00f3dico. Los signos y s\u00edntomas de la LMC tienden a progresar gradualmente. Es posible que las personas con LMC se sientan cansadas y tengan dificultades para respirar al realizar las actividades cotidianas, tengan inflamaci\u00f3n del bazo, tengan s\u00edndrome an\u00e9mico, padezcan de sudores nocturnos, tengan incapacidad de tolerar temperaturas c\u00e1lidas, padezcan disminuci\u00f3n de peso.<\/p>\n<p>Existen diversas pruebas para su diagn\u00f3stico, entre ellas podemos nombrar: <strong>Hemograma Completo, an\u00e1lisis citogen\u00e9tico<\/strong> (se realiza biopsia y aspiraci\u00f3n de m\u00e9dula \u00f3sea, y se examinan las muestras para determinar si hay una anomal\u00eda cromos\u00f3mica, como el cromosoma Philadelphia. La presencia del cromosoma Phi, el cromosoma n\u00famero 22 acortado, en las c\u00e9lulas de la m\u00e9dula, junto con un conteo alto de gl\u00f3bulos blancos y otros resultados caracter\u00edsticos de las pruebas de sangre y de m\u00e9dula, confirman el diagn\u00f3stico de LMC), <strong>hibridaci\u00f3n in situ con fluorescencia (FISH)<\/strong> (Un peque\u00f1o porcentaje de personas que presentan signos cl\u00ednicos de LMC no tienen cromosomas Phi detectables por an\u00e1lisis citogen\u00e9tico, pero casi siempre tienen resultados positivos en la prueba de FISH en cuanto al gen de fusi\u00f3n BCR-ABL en el cromosoma 22), <strong>reacci\u00f3n en cadena de la polimerasa: (PCR) <\/strong>(es la prueba m\u00e1s sensible para identificar y medir el gen BCR-ABL).<\/p>\n<p>La LMC no se puede curar totalmente. Con las farmacoterapias actuales, la mayor\u00eda de las personas diagnosticadas con LMC en fase cr\u00f3nica pueden esperar vivir con una buena calidad de vida. Las metas de la investigaci\u00f3n m\u00e9dica sobre la LMC son desarrollar terapias curativas y reducir los efectos secundarios del tratamiento.<\/p>\n<p>El enfoque del tratamiento para cada paciente es individualizado, basado en la fase de la LMC en el momento del diagn\u00f3stico, la edad del paciente (en particular cuando existe la posibilidad de un trasplante de c\u00e9lulas madre) y los resultados de las pruebas.<\/p>\n<p>La meta en el tratamiento de las personas con LMC en fase cr\u00f3nica es restaurar los conteos sangu\u00edneos hasta niveles normales, reducir dr\u00e1sticamente o eliminar completamente las c\u00e9lulas de LMC y mantener una calidad de vida aceptable. Se han aprobado tres f\u00e1rmacos: el mesilato de imatinib (Glivec\u00ae), el dasatinib (Sprycel\u00ae) y el nilotinib (Tasigna\u00ae), como terapia inicial para la LMC en fase cr\u00f3nica, todos ellos opciones razonables para pacientes reci\u00e9n diagnosticados.<\/p>\n<p>La evaluaci\u00f3n de la respuesta a la terapia con pruebas de sangre y de m\u00e9dula \u00f3sea es un elemento de importancia cr\u00edtica del tratamiento para las personas con LMC. En general, cuanto mayor sea la respuesta a la farmacoterapia, mayor ser\u00e1 el tiempo en que la enfermedad estar\u00e1 controlada. Otros factores que afectan la respuesta al tratamiento incluyen la etapa de la enfermedad y las caracter\u00edsticas de la LMC de la persona en el momento del diagn\u00f3stico.<\/p>","protected":false},"excerpt":{"rendered":"<p>Este d\u00eda se conmemora con el objetivo de dar mayor visibilidad a esta patolog\u00eda y concienciar a la sociedad acerca de la misma. La leucemia mieloide cr\u00f3nica (LMC) surge como consecuencia de una mutaci\u00f3n&#46;&#46;&#46;<\/p>\n","protected":false},"author":1,"featured_media":0,"parent":0,"menu_order":0,"comment_status":"closed","ping_status":"closed","template":"","meta":{"_mc_calendar":[],"footnotes":""},"class_list":["post-1074","page","type-page","status-publish","hentry"],"yoast_head":"<!-- This site is optimized with the Yoast SEO plugin v25.2 - https:\/\/yoast.com\/wordpress\/plugins\/seo\/ -->\n<title>22 de Septiembre: D\u00eda Mundial de la Leucemia Mieloide Cr\u00f3nica - SCEMT<\/title>\n<meta name=\"robots\" content=\"index, follow, max-snippet:-1, max-image-preview:large, max-video-preview:-1\" \/>\n<link rel=\"canonical\" href=\"https:\/\/scemt.org\/?page_id=1074\" \/>\n<meta property=\"og:locale\" content=\"es_ES\" \/>\n<meta property=\"og:type\" content=\"article\" \/>\n<meta property=\"og:title\" content=\"22 de Septiembre: D\u00eda Mundial de la Leucemia Mieloide Cr\u00f3nica - SCEMT\" \/>\n<meta property=\"og:description\" content=\"Este d\u00eda se conmemora con el objetivo de dar mayor visibilidad a esta patolog\u00eda y concienciar a la sociedad acerca de la misma. La leucemia mieloide cr\u00f3nica (LMC) surge como consecuencia de una mutaci\u00f3n&#046;&#046;&#046;\" \/>\n<meta property=\"og:url\" content=\"https:\/\/scemt.org\/?page_id=1074\" \/>\n<meta property=\"og:site_name\" content=\"SCEMT\" \/>\n<meta property=\"article:modified_time\" content=\"2020-09-22T16:22:37+00:00\" \/>\n<meta name=\"twitter:card\" content=\"summary_large_image\" \/>\n<meta name=\"twitter:label1\" content=\"Tiempo de lectura\" \/>\n\t<meta name=\"twitter:data1\" content=\"3 minutos\" \/>\n<script type=\"application\/ld+json\" class=\"yoast-schema-graph\">{\"@context\":\"https:\/\/schema.org\",\"@graph\":[{\"@type\":\"WebPage\",\"@id\":\"https:\/\/scemt.org\/?page_id=1074\",\"url\":\"https:\/\/scemt.org\/?page_id=1074\",\"name\":\"22 de Septiembre: D\u00eda Mundial de la Leucemia Mieloide Cr\u00f3nica - SCEMT\",\"isPartOf\":{\"@id\":\"https:\/\/scemt.org\/#website\"},\"datePublished\":\"2020-09-22T16:17:52+00:00\",\"dateModified\":\"2020-09-22T16:22:37+00:00\",\"breadcrumb\":{\"@id\":\"https:\/\/scemt.org\/?page_id=1074#breadcrumb\"},\"inLanguage\":\"es-AR\",\"potentialAction\":[{\"@type\":\"ReadAction\",\"target\":[\"https:\/\/scemt.org\/?page_id=1074\"]}]},{\"@type\":\"BreadcrumbList\",\"@id\":\"https:\/\/scemt.org\/?page_id=1074#breadcrumb\",\"itemListElement\":[{\"@type\":\"ListItem\",\"position\":1,\"name\":\"Inicio\",\"item\":\"https:\/\/scemt.org\/\"},{\"@type\":\"ListItem\",\"position\":2,\"name\":\"22 de Septiembre: D\u00eda Mundial de la Leucemia Mieloide Cr\u00f3nica\"}]},{\"@type\":\"WebSite\",\"@id\":\"https:\/\/scemt.org\/#website\",\"url\":\"https:\/\/scemt.org\/\",\"name\":\"SCEMT\",\"description\":\"Sociedad Cient\u00edfica de Estudiantes de Medicina de Tucum\u00e1n\",\"publisher\":{\"@id\":\"https:\/\/scemt.org\/#organization\"},\"potentialAction\":[{\"@type\":\"SearchAction\",\"target\":{\"@type\":\"EntryPoint\",\"urlTemplate\":\"https:\/\/scemt.org\/?s={search_term_string}\"},\"query-input\":{\"@type\":\"PropertyValueSpecification\",\"valueRequired\":true,\"valueName\":\"search_term_string\"}}],\"inLanguage\":\"es-AR\"},{\"@type\":\"Organization\",\"@id\":\"https:\/\/scemt.org\/#organization\",\"name\":\"SCEMT\",\"url\":\"https:\/\/scemt.org\/\",\"logo\":{\"@type\":\"ImageObject\",\"inLanguage\":\"es-AR\",\"@id\":\"https:\/\/scemt.org\/#\/schema\/logo\/image\/\",\"url\":\"https:\/\/scemt.org\/wp-content\/uploads\/2023\/03\/Logo-SCEMT.png\",\"contentUrl\":\"https:\/\/scemt.org\/wp-content\/uploads\/2023\/03\/Logo-SCEMT.png\",\"width\":3794,\"height\":4393,\"caption\":\"SCEMT\"},\"image\":{\"@id\":\"https:\/\/scemt.org\/#\/schema\/logo\/image\/\"}}]}<\/script>\n<!-- \/ Yoast SEO plugin. -->","yoast_head_json":{"title":"22 de Septiembre: D\u00eda Mundial de la Leucemia Mieloide Cr\u00f3nica - SCEMT","robots":{"index":"index","follow":"follow","max-snippet":"max-snippet:-1","max-image-preview":"max-image-preview:large","max-video-preview":"max-video-preview:-1"},"canonical":"https:\/\/scemt.org\/?page_id=1074","og_locale":"es_ES","og_type":"article","og_title":"22 de Septiembre: D\u00eda Mundial de la Leucemia Mieloide Cr\u00f3nica - SCEMT","og_description":"Este d\u00eda se conmemora con el objetivo de dar mayor visibilidad a esta patolog\u00eda y concienciar a la sociedad acerca de la misma. La leucemia mieloide cr\u00f3nica (LMC) surge como consecuencia de una mutaci\u00f3n&#46;&#46;&#46;","og_url":"https:\/\/scemt.org\/?page_id=1074","og_site_name":"SCEMT","article_modified_time":"2020-09-22T16:22:37+00:00","twitter_card":"summary_large_image","twitter_misc":{"Tiempo de lectura":"3 minutos"},"schema":{"@context":"https:\/\/schema.org","@graph":[{"@type":"WebPage","@id":"https:\/\/scemt.org\/?page_id=1074","url":"https:\/\/scemt.org\/?page_id=1074","name":"22 de Septiembre: D\u00eda Mundial de la Leucemia Mieloide Cr\u00f3nica - SCEMT","isPartOf":{"@id":"https:\/\/scemt.org\/#website"},"datePublished":"2020-09-22T16:17:52+00:00","dateModified":"2020-09-22T16:22:37+00:00","breadcrumb":{"@id":"https:\/\/scemt.org\/?page_id=1074#breadcrumb"},"inLanguage":"es-AR","potentialAction":[{"@type":"ReadAction","target":["https:\/\/scemt.org\/?page_id=1074"]}]},{"@type":"BreadcrumbList","@id":"https:\/\/scemt.org\/?page_id=1074#breadcrumb","itemListElement":[{"@type":"ListItem","position":1,"name":"Inicio","item":"https:\/\/scemt.org\/"},{"@type":"ListItem","position":2,"name":"22 de Septiembre: D\u00eda Mundial de la Leucemia Mieloide Cr\u00f3nica"}]},{"@type":"WebSite","@id":"https:\/\/scemt.org\/#website","url":"https:\/\/scemt.org\/","name":"SCEMT","description":"Sociedad Cient\u00edfica de Estudiantes de Medicina de Tucum\u00e1n","publisher":{"@id":"https:\/\/scemt.org\/#organization"},"potentialAction":[{"@type":"SearchAction","target":{"@type":"EntryPoint","urlTemplate":"https:\/\/scemt.org\/?s={search_term_string}"},"query-input":{"@type":"PropertyValueSpecification","valueRequired":true,"valueName":"search_term_string"}}],"inLanguage":"es-AR"},{"@type":"Organization","@id":"https:\/\/scemt.org\/#organization","name":"SCEMT","url":"https:\/\/scemt.org\/","logo":{"@type":"ImageObject","inLanguage":"es-AR","@id":"https:\/\/scemt.org\/#\/schema\/logo\/image\/","url":"https:\/\/scemt.org\/wp-content\/uploads\/2023\/03\/Logo-SCEMT.png","contentUrl":"https:\/\/scemt.org\/wp-content\/uploads\/2023\/03\/Logo-SCEMT.png","width":3794,"height":4393,"caption":"SCEMT"},"image":{"@id":"https:\/\/scemt.org\/#\/schema\/logo\/image\/"}}]}},"jetpack_sharing_enabled":true,"_links":{"self":[{"href":"https:\/\/scemt.org\/index.php?rest_route=\/wp\/v2\/pages\/1074","targetHints":{"allow":["GET"]}}],"collection":[{"href":"https:\/\/scemt.org\/index.php?rest_route=\/wp\/v2\/pages"}],"about":[{"href":"https:\/\/scemt.org\/index.php?rest_route=\/wp\/v2\/types\/page"}],"author":[{"embeddable":true,"href":"https:\/\/scemt.org\/index.php?rest_route=\/wp\/v2\/users\/1"}],"replies":[{"embeddable":true,"href":"https:\/\/scemt.org\/index.php?rest_route=%2Fwp%2Fv2%2Fcomments&post=1074"}],"version-history":[{"count":2,"href":"https:\/\/scemt.org\/index.php?rest_route=\/wp\/v2\/pages\/1074\/revisions"}],"predecessor-version":[{"id":1078,"href":"https:\/\/scemt.org\/index.php?rest_route=\/wp\/v2\/pages\/1074\/revisions\/1078"}],"wp:attachment":[{"href":"https:\/\/scemt.org\/index.php?rest_route=%2Fwp%2Fv2%2Fmedia&parent=1074"}],"curies":[{"name":"wp","href":"https:\/\/api.w.org\/{rel}","templated":true}]}}