{"id":541,"date":"2020-05-05T10:48:26","date_gmt":"2020-05-05T13:48:26","guid":{"rendered":"https:\/\/scemt.org\/?page_id=541"},"modified":"2020-05-05T10:48:28","modified_gmt":"2020-05-05T13:48:28","slug":"21-de-marzo-dia-mundial-del-sindrome-de-down","status":"publish","type":"page","link":"https:\/\/scemt.org\/?page_id=541","title":{"rendered":"21 de Marzo: D\u00eda Mundial del S\u00edndrome de Down"},"content":{"rendered":"\n<figure class=\"wp-block-image size-large\"><img loading=\"lazy\" decoding=\"async\" width=\"960\" height=\"720\" src=\"https:\/\/scemt.org\/wp-content\/uploads\/2020\/03\/S\u00edndrome-de-Down-21-de-Marzo.png\" alt=\"\" class=\"wp-image-335\" srcset=\"https:\/\/scemt.org\/wp-content\/uploads\/2020\/03\/S\u00edndrome-de-Down-21-de-Marzo.png 960w, https:\/\/scemt.org\/wp-content\/uploads\/2020\/03\/S\u00edndrome-de-Down-21-de-Marzo-300x225.png 300w, https:\/\/scemt.org\/wp-content\/uploads\/2020\/03\/S\u00edndrome-de-Down-21-de-Marzo-768x576.png 768w\" sizes=\"auto, (max-width: 960px) 100vw, 960px\" \/><\/figure>\n\n\n<p>Las Naciones Unidas design\u00f3 esta fecha para generar una mayor conciencia p\u00fablica sobre el S\u00edndrome de Down y recordar la dignidad inherente, la val\u00eda y las valiosas contribuciones de estas personas como promotores del bienestar y de la diversidad de la comunidad. Asimismo, quiere resaltar la importancia de su autonom\u00eda e independencia individual, en particular la libertad de tomar sus propias decisiones.<\/p>\n<p>El\u00a0s\u00edndrome de Down es una alteraci\u00f3n gen\u00e9tica causada por la existencia de material gen\u00e9tico extra en el cromosoma 21 cuya consecuencia m\u00e1s evidente es un desarrollo incompleto a nivel cerebral que provoca discapacidad intelectual, y algunos trastornos f\u00edsicos que afectan el sistema digestivo y tambi\u00e9n provoca da\u00f1os en el coraz\u00f3n, trastornos tiroideos, trastornos en la visi\u00f3n, la audici\u00f3n y problemas dentales. Sin embargo, hay personas con este s\u00edndrome que no presentan ninguna de estas patolog\u00edas cl\u00ednicas y que desarrollan su vida en absoluta plenitud.<\/p>\n<p>Actualmente, cerca del 80% de los adultos que padecen este s\u00edndrome superan los 50 a\u00f1os. Esto es gracias a un trabajo conjunto, m\u00e9dico y parental, en edades tempranas que favorece la calidad de vida al satisfacer sus necesidades sanitarias como chequeos regulares para vigilar su desarrollo f\u00edsico y mental, adem\u00e1s de una intervenci\u00f3n oportuna, ya sea con fisioterapia, educaci\u00f3n especial inclusiva u otros sistemas de apoyo basados en comunidades.\u00a0<\/p>\n<p>El tema de este a\u00f1o se centra en &#8220;Decidimos&#8221;. Esto hace referencia a que todas las personas con s\u00edndrome de Down deben tener una participaci\u00f3n plena en la toma de decisiones sobre los asuntos relacionados con sus vidas o que les afecten. La participaci\u00f3n efectiva y significativa es un principio b\u00e1sico de los derechos humanos respaldado por la Convenci\u00f3n de las Naciones Unidas sobre los Derechos de las Personas con Discapacidad.<\/p>\n<p style=\"text-align: center;\"><em>&lt;&lt; La vida no se mide en cromosomas. &gt;&gt;<\/em><\/p>","protected":false},"excerpt":{"rendered":"<p>Las Naciones Unidas design\u00f3 esta fecha para generar una mayor conciencia p\u00fablica sobre el S\u00edndrome de Down y recordar la dignidad inherente, la val\u00eda y las valiosas contribuciones de estas personas como promotores del&#46;&#46;&#46;<\/p>\n","protected":false},"author":1,"featured_media":0,"parent":0,"menu_order":0,"comment_status":"closed","ping_status":"closed","template":"","meta":{"_mc_calendar":[],"footnotes":""},"class_list":["post-541","page","type-page","status-publish","hentry"],"yoast_head":"<!-- This site is optimized with the Yoast SEO plugin v25.2 - https:\/\/yoast.com\/wordpress\/plugins\/seo\/ -->\n<title>21 de Marzo: D\u00eda Mundial del S\u00edndrome de Down - SCEMT<\/title>\n<meta name=\"robots\" content=\"index, follow, max-snippet:-1, max-image-preview:large, max-video-preview:-1\" \/>\n<link rel=\"canonical\" href=\"https:\/\/scemt.org\/?page_id=541\" \/>\n<meta property=\"og:locale\" content=\"es_ES\" \/>\n<meta property=\"og:type\" content=\"article\" \/>\n<meta property=\"og:title\" content=\"21 de Marzo: D\u00eda Mundial del S\u00edndrome de Down - SCEMT\" \/>\n<meta property=\"og:description\" content=\"Las Naciones Unidas design\u00f3 esta fecha para generar una mayor conciencia p\u00fablica sobre el S\u00edndrome de Down y recordar la dignidad inherente, la val\u00eda y las valiosas contribuciones de estas personas como promotores del&#046;&#046;&#046;\" \/>\n<meta property=\"og:url\" content=\"https:\/\/scemt.org\/?page_id=541\" \/>\n<meta property=\"og:site_name\" content=\"SCEMT\" \/>\n<meta property=\"article:modified_time\" content=\"2020-05-05T13:48:28+00:00\" \/>\n<meta name=\"twitter:card\" content=\"summary_large_image\" \/>\n<meta name=\"twitter:label1\" content=\"Tiempo de lectura\" \/>\n\t<meta name=\"twitter:data1\" content=\"2 minutos\" \/>\n<script type=\"application\/ld+json\" class=\"yoast-schema-graph\">{\"@context\":\"https:\/\/schema.org\",\"@graph\":[{\"@type\":\"WebPage\",\"@id\":\"https:\/\/scemt.org\/?page_id=541\",\"url\":\"https:\/\/scemt.org\/?page_id=541\",\"name\":\"21 de Marzo: D\u00eda Mundial del S\u00edndrome de Down - SCEMT\",\"isPartOf\":{\"@id\":\"https:\/\/scemt.org\/#website\"},\"datePublished\":\"2020-05-05T13:48:26+00:00\",\"dateModified\":\"2020-05-05T13:48:28+00:00\",\"breadcrumb\":{\"@id\":\"https:\/\/scemt.org\/?page_id=541#breadcrumb\"},\"inLanguage\":\"es-AR\",\"potentialAction\":[{\"@type\":\"ReadAction\",\"target\":[\"https:\/\/scemt.org\/?page_id=541\"]}]},{\"@type\":\"BreadcrumbList\",\"@id\":\"https:\/\/scemt.org\/?page_id=541#breadcrumb\",\"itemListElement\":[{\"@type\":\"ListItem\",\"position\":1,\"name\":\"Inicio\",\"item\":\"https:\/\/scemt.org\/\"},{\"@type\":\"ListItem\",\"position\":2,\"name\":\"21 de Marzo: D\u00eda Mundial del S\u00edndrome de Down\"}]},{\"@type\":\"WebSite\",\"@id\":\"https:\/\/scemt.org\/#website\",\"url\":\"https:\/\/scemt.org\/\",\"name\":\"SCEMT\",\"description\":\"Sociedad Cient\u00edfica de Estudiantes de Medicina de Tucum\u00e1n\",\"publisher\":{\"@id\":\"https:\/\/scemt.org\/#organization\"},\"potentialAction\":[{\"@type\":\"SearchAction\",\"target\":{\"@type\":\"EntryPoint\",\"urlTemplate\":\"https:\/\/scemt.org\/?s={search_term_string}\"},\"query-input\":{\"@type\":\"PropertyValueSpecification\",\"valueRequired\":true,\"valueName\":\"search_term_string\"}}],\"inLanguage\":\"es-AR\"},{\"@type\":\"Organization\",\"@id\":\"https:\/\/scemt.org\/#organization\",\"name\":\"SCEMT\",\"url\":\"https:\/\/scemt.org\/\",\"logo\":{\"@type\":\"ImageObject\",\"inLanguage\":\"es-AR\",\"@id\":\"https:\/\/scemt.org\/#\/schema\/logo\/image\/\",\"url\":\"https:\/\/scemt.org\/wp-content\/uploads\/2023\/03\/Logo-SCEMT.png\",\"contentUrl\":\"https:\/\/scemt.org\/wp-content\/uploads\/2023\/03\/Logo-SCEMT.png\",\"width\":3794,\"height\":4393,\"caption\":\"SCEMT\"},\"image\":{\"@id\":\"https:\/\/scemt.org\/#\/schema\/logo\/image\/\"}}]}<\/script>\n<!-- \/ Yoast SEO plugin. -->","yoast_head_json":{"title":"21 de Marzo: D\u00eda Mundial del S\u00edndrome de Down - SCEMT","robots":{"index":"index","follow":"follow","max-snippet":"max-snippet:-1","max-image-preview":"max-image-preview:large","max-video-preview":"max-video-preview:-1"},"canonical":"https:\/\/scemt.org\/?page_id=541","og_locale":"es_ES","og_type":"article","og_title":"21 de Marzo: D\u00eda Mundial del S\u00edndrome de Down - SCEMT","og_description":"Las Naciones Unidas design\u00f3 esta fecha para generar una mayor conciencia p\u00fablica sobre el S\u00edndrome de Down y recordar la dignidad inherente, la val\u00eda y las valiosas contribuciones de estas personas como promotores del&#46;&#46;&#46;","og_url":"https:\/\/scemt.org\/?page_id=541","og_site_name":"SCEMT","article_modified_time":"2020-05-05T13:48:28+00:00","twitter_card":"summary_large_image","twitter_misc":{"Tiempo de lectura":"2 minutos"},"schema":{"@context":"https:\/\/schema.org","@graph":[{"@type":"WebPage","@id":"https:\/\/scemt.org\/?page_id=541","url":"https:\/\/scemt.org\/?page_id=541","name":"21 de Marzo: D\u00eda Mundial del S\u00edndrome de Down - SCEMT","isPartOf":{"@id":"https:\/\/scemt.org\/#website"},"datePublished":"2020-05-05T13:48:26+00:00","dateModified":"2020-05-05T13:48:28+00:00","breadcrumb":{"@id":"https:\/\/scemt.org\/?page_id=541#breadcrumb"},"inLanguage":"es-AR","potentialAction":[{"@type":"ReadAction","target":["https:\/\/scemt.org\/?page_id=541"]}]},{"@type":"BreadcrumbList","@id":"https:\/\/scemt.org\/?page_id=541#breadcrumb","itemListElement":[{"@type":"ListItem","position":1,"name":"Inicio","item":"https:\/\/scemt.org\/"},{"@type":"ListItem","position":2,"name":"21 de Marzo: D\u00eda Mundial del S\u00edndrome de Down"}]},{"@type":"WebSite","@id":"https:\/\/scemt.org\/#website","url":"https:\/\/scemt.org\/","name":"SCEMT","description":"Sociedad Cient\u00edfica de Estudiantes de Medicina de Tucum\u00e1n","publisher":{"@id":"https:\/\/scemt.org\/#organization"},"potentialAction":[{"@type":"SearchAction","target":{"@type":"EntryPoint","urlTemplate":"https:\/\/scemt.org\/?s={search_term_string}"},"query-input":{"@type":"PropertyValueSpecification","valueRequired":true,"valueName":"search_term_string"}}],"inLanguage":"es-AR"},{"@type":"Organization","@id":"https:\/\/scemt.org\/#organization","name":"SCEMT","url":"https:\/\/scemt.org\/","logo":{"@type":"ImageObject","inLanguage":"es-AR","@id":"https:\/\/scemt.org\/#\/schema\/logo\/image\/","url":"https:\/\/scemt.org\/wp-content\/uploads\/2023\/03\/Logo-SCEMT.png","contentUrl":"https:\/\/scemt.org\/wp-content\/uploads\/2023\/03\/Logo-SCEMT.png","width":3794,"height":4393,"caption":"SCEMT"},"image":{"@id":"https:\/\/scemt.org\/#\/schema\/logo\/image\/"}}]}},"jetpack_sharing_enabled":true,"_links":{"self":[{"href":"https:\/\/scemt.org\/index.php?rest_route=\/wp\/v2\/pages\/541","targetHints":{"allow":["GET"]}}],"collection":[{"href":"https:\/\/scemt.org\/index.php?rest_route=\/wp\/v2\/pages"}],"about":[{"href":"https:\/\/scemt.org\/index.php?rest_route=\/wp\/v2\/types\/page"}],"author":[{"embeddable":true,"href":"https:\/\/scemt.org\/index.php?rest_route=\/wp\/v2\/users\/1"}],"replies":[{"embeddable":true,"href":"https:\/\/scemt.org\/index.php?rest_route=%2Fwp%2Fv2%2Fcomments&post=541"}],"version-history":[{"count":1,"href":"https:\/\/scemt.org\/index.php?rest_route=\/wp\/v2\/pages\/541\/revisions"}],"predecessor-version":[{"id":542,"href":"https:\/\/scemt.org\/index.php?rest_route=\/wp\/v2\/pages\/541\/revisions\/542"}],"wp:attachment":[{"href":"https:\/\/scemt.org\/index.php?rest_route=%2Fwp%2Fv2%2Fmedia&parent=541"}],"curies":[{"name":"wp","href":"https:\/\/api.w.org\/{rel}","templated":true}]}}