{"id":545,"date":"2020-05-05T10:52:01","date_gmt":"2020-05-05T13:52:01","guid":{"rendered":"https:\/\/scemt.org\/?page_id=545"},"modified":"2020-05-05T10:52:03","modified_gmt":"2020-05-05T13:52:03","slug":"26-de-marzo-dia-mundial-de-la-prevencion-del-cancer-de-cuello-uterino","status":"publish","type":"page","link":"https:\/\/scemt.org\/?page_id=545","title":{"rendered":"26 de Marzo: D\u00eda Mundial de la Prevenci\u00f3n del C\u00e1ncer de Cuello Uterino"},"content":{"rendered":"\n<figure class=\"wp-block-image size-large\"><img loading=\"lazy\" decoding=\"async\" width=\"960\" height=\"720\" src=\"https:\/\/scemt.org\/wp-content\/uploads\/2020\/03\/C\u00e1ncer-cervix-26-de-Marzo.png\" alt=\"\" class=\"wp-image-350\" srcset=\"https:\/\/scemt.org\/wp-content\/uploads\/2020\/03\/C\u00e1ncer-cervix-26-de-Marzo.png 960w, https:\/\/scemt.org\/wp-content\/uploads\/2020\/03\/C\u00e1ncer-cervix-26-de-Marzo-300x225.png 300w, https:\/\/scemt.org\/wp-content\/uploads\/2020\/03\/C\u00e1ncer-cervix-26-de-Marzo-768x576.png 768w\" sizes=\"auto, (max-width: 960px) 100vw, 960px\" \/><\/figure>\n\n\n<p>Este d\u00eda se conmemora a modo de establecer acciones de concientizaci\u00f3n e informaci\u00f3n sobre la importancia de efectuarse controles ginecol\u00f3gicos para evitar o detectar a tiempo el c\u00e1ncer de cuello uterino, tambi\u00e9n conocido como c\u00e1ncer cervicouterino.<\/p>\n<p>Este c\u00e1ncer se produce cuando hay un crecimiento anormal de las c\u00e9lulas del cuello del \u00fatero, causado en su mayor\u00eda por algunos tipos de Virus de Papiloma Humano (VPH), virus que se transmite a trav\u00e9s del contacto sexual.<\/p>\n<p>A pesar de ser una enfermedad evitable, el c\u00e1ncer cervicouterino tiene una alta prevalencia en nuestro pa\u00eds por la influencia de factores de riesgo asociados como edad joven al primer parto, multiparidad, bajo nivel socioecon\u00f3mico y enfermedades de transmisi\u00f3n sexual como el herpes simple tipo 2 y el VPH.<\/p>\n<p>Para prevenir el c\u00e1ncer de cuello de \u00fatero, podemos nombrar las siguientes medidas: vacunarse contra el VPH, realizarse pruebas de detecci\u00f3n como el papanicolaou y la prueba del virus de papiloma (Test de VPH), uso de condones y no fumar.<\/p>\n<p>En Argentina existe el Programa Nacional de Prevenci\u00f3n de C\u00e1ncer Cervicouterino (PNPCC), el cual tiene como objetivo principal contribuir a la reducci\u00f3n de la incidencia y mortalidad por esta enfermedad por medio de una alta cobertura del tamizaje (Test de VPH), una alta calidad del diagn\u00f3stico, un sistema eficiente de seguimiento y tratamiento de mujeres con lesiones precancerosas, y un sistema de informaci\u00f3n para el monitoreo y evaluaci\u00f3n de la calidad y el impacto del Programa. Para ello trabaja en articulaci\u00f3n con los programas provinciales y los servicios de salud locales, fortaleciendo las acciones destinadas a la prevenci\u00f3n del c\u00e1ncer de cuello de \u00fatero en las provincias.<\/p>\n<p style=\"text-align: center;\"><em>&lt;&lt;<\/em><em> Una detecci\u00f3n temprana nos permite combatir el c\u00e1ncer a tiempo. \u00a1Informate para cuidarte! <\/em><em>&gt;&gt;<\/em><\/p>","protected":false},"excerpt":{"rendered":"<p>Este d\u00eda se conmemora a modo de establecer acciones de concientizaci\u00f3n e informaci\u00f3n sobre la importancia de efectuarse controles ginecol\u00f3gicos para evitar o detectar a tiempo el c\u00e1ncer de cuello uterino, tambi\u00e9n conocido como&#46;&#46;&#46;<\/p>\n","protected":false},"author":1,"featured_media":0,"parent":0,"menu_order":0,"comment_status":"closed","ping_status":"closed","template":"","meta":{"_mc_calendar":[],"footnotes":""},"class_list":["post-545","page","type-page","status-publish","hentry"],"yoast_head":"<!-- This site is optimized with the Yoast SEO plugin v25.2 - https:\/\/yoast.com\/wordpress\/plugins\/seo\/ -->\n<title>26 de Marzo: D\u00eda Mundial de la Prevenci\u00f3n del C\u00e1ncer de Cuello Uterino - SCEMT<\/title>\n<meta name=\"robots\" content=\"index, follow, max-snippet:-1, max-image-preview:large, max-video-preview:-1\" \/>\n<link rel=\"canonical\" href=\"https:\/\/scemt.org\/?page_id=545\" \/>\n<meta property=\"og:locale\" content=\"es_ES\" \/>\n<meta property=\"og:type\" content=\"article\" \/>\n<meta property=\"og:title\" content=\"26 de Marzo: D\u00eda Mundial de la Prevenci\u00f3n del C\u00e1ncer de Cuello Uterino - SCEMT\" \/>\n<meta property=\"og:description\" content=\"Este d\u00eda se conmemora a modo de establecer acciones de concientizaci\u00f3n e informaci\u00f3n sobre la importancia de efectuarse controles ginecol\u00f3gicos para evitar o detectar a tiempo el c\u00e1ncer de cuello uterino, tambi\u00e9n conocido como&#046;&#046;&#046;\" \/>\n<meta property=\"og:url\" content=\"https:\/\/scemt.org\/?page_id=545\" \/>\n<meta property=\"og:site_name\" content=\"SCEMT\" \/>\n<meta property=\"article:modified_time\" content=\"2020-05-05T13:52:03+00:00\" \/>\n<meta name=\"twitter:card\" content=\"summary_large_image\" \/>\n<meta name=\"twitter:label1\" content=\"Tiempo de lectura\" \/>\n\t<meta name=\"twitter:data1\" content=\"2 minutos\" \/>\n<script type=\"application\/ld+json\" class=\"yoast-schema-graph\">{\"@context\":\"https:\/\/schema.org\",\"@graph\":[{\"@type\":\"WebPage\",\"@id\":\"https:\/\/scemt.org\/?page_id=545\",\"url\":\"https:\/\/scemt.org\/?page_id=545\",\"name\":\"26 de Marzo: D\u00eda Mundial de la Prevenci\u00f3n del C\u00e1ncer de Cuello Uterino - SCEMT\",\"isPartOf\":{\"@id\":\"https:\/\/scemt.org\/#website\"},\"datePublished\":\"2020-05-05T13:52:01+00:00\",\"dateModified\":\"2020-05-05T13:52:03+00:00\",\"breadcrumb\":{\"@id\":\"https:\/\/scemt.org\/?page_id=545#breadcrumb\"},\"inLanguage\":\"es-AR\",\"potentialAction\":[{\"@type\":\"ReadAction\",\"target\":[\"https:\/\/scemt.org\/?page_id=545\"]}]},{\"@type\":\"BreadcrumbList\",\"@id\":\"https:\/\/scemt.org\/?page_id=545#breadcrumb\",\"itemListElement\":[{\"@type\":\"ListItem\",\"position\":1,\"name\":\"Inicio\",\"item\":\"https:\/\/scemt.org\/\"},{\"@type\":\"ListItem\",\"position\":2,\"name\":\"26 de Marzo: D\u00eda Mundial de la Prevenci\u00f3n del C\u00e1ncer de Cuello Uterino\"}]},{\"@type\":\"WebSite\",\"@id\":\"https:\/\/scemt.org\/#website\",\"url\":\"https:\/\/scemt.org\/\",\"name\":\"SCEMT\",\"description\":\"Sociedad Cient\u00edfica de Estudiantes de Medicina de Tucum\u00e1n\",\"publisher\":{\"@id\":\"https:\/\/scemt.org\/#organization\"},\"potentialAction\":[{\"@type\":\"SearchAction\",\"target\":{\"@type\":\"EntryPoint\",\"urlTemplate\":\"https:\/\/scemt.org\/?s={search_term_string}\"},\"query-input\":{\"@type\":\"PropertyValueSpecification\",\"valueRequired\":true,\"valueName\":\"search_term_string\"}}],\"inLanguage\":\"es-AR\"},{\"@type\":\"Organization\",\"@id\":\"https:\/\/scemt.org\/#organization\",\"name\":\"SCEMT\",\"url\":\"https:\/\/scemt.org\/\",\"logo\":{\"@type\":\"ImageObject\",\"inLanguage\":\"es-AR\",\"@id\":\"https:\/\/scemt.org\/#\/schema\/logo\/image\/\",\"url\":\"https:\/\/scemt.org\/wp-content\/uploads\/2023\/03\/Logo-SCEMT.png\",\"contentUrl\":\"https:\/\/scemt.org\/wp-content\/uploads\/2023\/03\/Logo-SCEMT.png\",\"width\":3794,\"height\":4393,\"caption\":\"SCEMT\"},\"image\":{\"@id\":\"https:\/\/scemt.org\/#\/schema\/logo\/image\/\"}}]}<\/script>\n<!-- \/ Yoast SEO plugin. -->","yoast_head_json":{"title":"26 de Marzo: D\u00eda Mundial de la Prevenci\u00f3n del C\u00e1ncer de Cuello Uterino - SCEMT","robots":{"index":"index","follow":"follow","max-snippet":"max-snippet:-1","max-image-preview":"max-image-preview:large","max-video-preview":"max-video-preview:-1"},"canonical":"https:\/\/scemt.org\/?page_id=545","og_locale":"es_ES","og_type":"article","og_title":"26 de Marzo: D\u00eda Mundial de la Prevenci\u00f3n del C\u00e1ncer de Cuello Uterino - SCEMT","og_description":"Este d\u00eda se conmemora a modo de establecer acciones de concientizaci\u00f3n e informaci\u00f3n sobre la importancia de efectuarse controles ginecol\u00f3gicos para evitar o detectar a tiempo el c\u00e1ncer de cuello uterino, tambi\u00e9n conocido como&#46;&#46;&#46;","og_url":"https:\/\/scemt.org\/?page_id=545","og_site_name":"SCEMT","article_modified_time":"2020-05-05T13:52:03+00:00","twitter_card":"summary_large_image","twitter_misc":{"Tiempo de lectura":"2 minutos"},"schema":{"@context":"https:\/\/schema.org","@graph":[{"@type":"WebPage","@id":"https:\/\/scemt.org\/?page_id=545","url":"https:\/\/scemt.org\/?page_id=545","name":"26 de Marzo: D\u00eda Mundial de la Prevenci\u00f3n del C\u00e1ncer de Cuello Uterino - SCEMT","isPartOf":{"@id":"https:\/\/scemt.org\/#website"},"datePublished":"2020-05-05T13:52:01+00:00","dateModified":"2020-05-05T13:52:03+00:00","breadcrumb":{"@id":"https:\/\/scemt.org\/?page_id=545#breadcrumb"},"inLanguage":"es-AR","potentialAction":[{"@type":"ReadAction","target":["https:\/\/scemt.org\/?page_id=545"]}]},{"@type":"BreadcrumbList","@id":"https:\/\/scemt.org\/?page_id=545#breadcrumb","itemListElement":[{"@type":"ListItem","position":1,"name":"Inicio","item":"https:\/\/scemt.org\/"},{"@type":"ListItem","position":2,"name":"26 de Marzo: D\u00eda Mundial de la Prevenci\u00f3n del C\u00e1ncer de Cuello Uterino"}]},{"@type":"WebSite","@id":"https:\/\/scemt.org\/#website","url":"https:\/\/scemt.org\/","name":"SCEMT","description":"Sociedad Cient\u00edfica de Estudiantes de Medicina de Tucum\u00e1n","publisher":{"@id":"https:\/\/scemt.org\/#organization"},"potentialAction":[{"@type":"SearchAction","target":{"@type":"EntryPoint","urlTemplate":"https:\/\/scemt.org\/?s={search_term_string}"},"query-input":{"@type":"PropertyValueSpecification","valueRequired":true,"valueName":"search_term_string"}}],"inLanguage":"es-AR"},{"@type":"Organization","@id":"https:\/\/scemt.org\/#organization","name":"SCEMT","url":"https:\/\/scemt.org\/","logo":{"@type":"ImageObject","inLanguage":"es-AR","@id":"https:\/\/scemt.org\/#\/schema\/logo\/image\/","url":"https:\/\/scemt.org\/wp-content\/uploads\/2023\/03\/Logo-SCEMT.png","contentUrl":"https:\/\/scemt.org\/wp-content\/uploads\/2023\/03\/Logo-SCEMT.png","width":3794,"height":4393,"caption":"SCEMT"},"image":{"@id":"https:\/\/scemt.org\/#\/schema\/logo\/image\/"}}]}},"jetpack_sharing_enabled":true,"_links":{"self":[{"href":"https:\/\/scemt.org\/index.php?rest_route=\/wp\/v2\/pages\/545","targetHints":{"allow":["GET"]}}],"collection":[{"href":"https:\/\/scemt.org\/index.php?rest_route=\/wp\/v2\/pages"}],"about":[{"href":"https:\/\/scemt.org\/index.php?rest_route=\/wp\/v2\/types\/page"}],"author":[{"embeddable":true,"href":"https:\/\/scemt.org\/index.php?rest_route=\/wp\/v2\/users\/1"}],"replies":[{"embeddable":true,"href":"https:\/\/scemt.org\/index.php?rest_route=%2Fwp%2Fv2%2Fcomments&post=545"}],"version-history":[{"count":1,"href":"https:\/\/scemt.org\/index.php?rest_route=\/wp\/v2\/pages\/545\/revisions"}],"predecessor-version":[{"id":546,"href":"https:\/\/scemt.org\/index.php?rest_route=\/wp\/v2\/pages\/545\/revisions\/546"}],"wp:attachment":[{"href":"https:\/\/scemt.org\/index.php?rest_route=%2Fwp%2Fv2%2Fmedia&parent=545"}],"curies":[{"name":"wp","href":"https:\/\/api.w.org\/{rel}","templated":true}]}}