{"id":549,"date":"2020-05-05T10:55:30","date_gmt":"2020-05-05T13:55:30","guid":{"rendered":"https:\/\/scemt.org\/?page_id=549"},"modified":"2020-05-05T10:55:32","modified_gmt":"2020-05-05T13:55:32","slug":"31-de-marzo-dia-mundial-contra-el-cancer-de-colon","status":"publish","type":"page","link":"https:\/\/scemt.org\/?page_id=549","title":{"rendered":"31 de Marzo: D\u00eda Mundial Contra el C\u00e1ncer de Colon"},"content":{"rendered":"\n<figure class=\"wp-block-image size-large\"><img loading=\"lazy\" decoding=\"async\" width=\"960\" height=\"720\" src=\"https:\/\/scemt.org\/wp-content\/uploads\/2020\/03\/Ca-Colon-31-de-Marzo.png\" alt=\"\" class=\"wp-image-356\" srcset=\"https:\/\/scemt.org\/wp-content\/uploads\/2020\/03\/Ca-Colon-31-de-Marzo.png 960w, https:\/\/scemt.org\/wp-content\/uploads\/2020\/03\/Ca-Colon-31-de-Marzo-300x225.png 300w, https:\/\/scemt.org\/wp-content\/uploads\/2020\/03\/Ca-Colon-31-de-Marzo-768x576.png 768w\" sizes=\"auto, (max-width: 960px) 100vw, 960px\" \/><\/figure>\n\n\n<p>Este d\u00eda se celebra con el objetivo de\u00a0informar y sensibilizar\u00a0a la poblaci\u00f3n sobre la realidad y necesidades de los pacientes con esta enfermedad y sobre la importancia de la adopci\u00f3n de\u00a0h\u00e1bitos de vida saludables\u00a0para la prevenci\u00f3n de este tumor.<\/p>\n<p>El c\u00e1ncer de colon\u00a0es una patolog\u00eda que se da por un crecimiento an\u00f3malo de las c\u00e9lulas del colon y la zona rectal. Todo comienza con un crecimiento de p\u00f3lipos, que, con el paso de los a\u00f1os, pueden transformarse en c\u00e1ncer.<\/p>\n<p>El grupo de riesgo promedio son personas que tienen a partir de 50 a\u00f1os sin factores de riesgo. Sin embargo, quienes conforman un grupo con riesgo aumentado son aquellos pacientes que presentan antecedentes familiares de c\u00e1ncer colorrectal (CCR) o adenomas, antecedente personales de adenomas, antecedentes familiares de Poliposis Adenomatosa Familiar (PAF), S\u00edndrome de Lynch (C\u00e1ncer colorrectal hereditario no asociado a poliposis) y enfermedad inflamatoria intestinal (Enfermedad de Crohn y colitis ulcerosa).<\/p>\n<p>Tambi\u00e9n est\u00e1n los factores relacionados con la alimentaci\u00f3n (elevado consumo de carnes rojas, grasas saturadas, obesidad y sedentarismo) y el consumo de sustancias t\u00f3xicas como el cigarrillo, el alcohol o las drogas.<\/p>\n<p>Los m\u00e9todos de detecci\u00f3n del c\u00e1ncer de colon comprenden colonoscop\u00eda, Test de sangre oculta en materia fecal y Rectosigmoidoscop\u00eda.<\/p>\n<p style=\"text-align: center;\"><em>&lt;&lt; Est\u00e1s a tiempo. &gt;&gt;<\/em><\/p>","protected":false},"excerpt":{"rendered":"<p>Este d\u00eda se celebra con el objetivo de\u00a0informar y sensibilizar\u00a0a la poblaci\u00f3n sobre la realidad y necesidades de los pacientes con esta enfermedad y sobre la importancia de la adopci\u00f3n de\u00a0h\u00e1bitos de vida saludables\u00a0para&#46;&#46;&#46;<\/p>\n","protected":false},"author":1,"featured_media":0,"parent":0,"menu_order":0,"comment_status":"closed","ping_status":"closed","template":"","meta":{"_mc_calendar":[],"footnotes":""},"class_list":["post-549","page","type-page","status-publish","hentry"],"yoast_head":"<!-- This site is optimized with the Yoast SEO plugin v25.2 - https:\/\/yoast.com\/wordpress\/plugins\/seo\/ -->\n<title>31 de Marzo: D\u00eda Mundial Contra el C\u00e1ncer de Colon - SCEMT<\/title>\n<meta name=\"robots\" content=\"index, follow, max-snippet:-1, max-image-preview:large, max-video-preview:-1\" \/>\n<link rel=\"canonical\" href=\"https:\/\/scemt.org\/?page_id=549\" \/>\n<meta property=\"og:locale\" content=\"es_ES\" \/>\n<meta property=\"og:type\" content=\"article\" \/>\n<meta property=\"og:title\" content=\"31 de Marzo: D\u00eda Mundial Contra el C\u00e1ncer de Colon - SCEMT\" \/>\n<meta property=\"og:description\" content=\"Este d\u00eda se celebra con el objetivo de\u00a0informar y sensibilizar\u00a0a la poblaci\u00f3n sobre la realidad y necesidades de los pacientes con esta enfermedad y sobre la importancia de la adopci\u00f3n de\u00a0h\u00e1bitos de vida saludables\u00a0para&#046;&#046;&#046;\" \/>\n<meta property=\"og:url\" content=\"https:\/\/scemt.org\/?page_id=549\" \/>\n<meta property=\"og:site_name\" content=\"SCEMT\" \/>\n<meta property=\"article:modified_time\" content=\"2020-05-05T13:55:32+00:00\" \/>\n<meta property=\"og:image\" content=\"https:\/\/scemt.org\/wp-content\/uploads\/2020\/03\/Ca-Colon-31-de-Marzo.png\" \/>\n\t<meta property=\"og:image:width\" content=\"960\" \/>\n\t<meta property=\"og:image:height\" content=\"720\" \/>\n\t<meta property=\"og:image:type\" content=\"image\/png\" \/>\n<meta name=\"twitter:card\" content=\"summary_large_image\" \/>\n<meta name=\"twitter:label1\" content=\"Tiempo de lectura\" \/>\n\t<meta name=\"twitter:data1\" content=\"1 minuto\" \/>\n<script type=\"application\/ld+json\" class=\"yoast-schema-graph\">{\"@context\":\"https:\/\/schema.org\",\"@graph\":[{\"@type\":\"WebPage\",\"@id\":\"https:\/\/scemt.org\/?page_id=549\",\"url\":\"https:\/\/scemt.org\/?page_id=549\",\"name\":\"31 de Marzo: D\u00eda Mundial Contra el C\u00e1ncer de Colon - SCEMT\",\"isPartOf\":{\"@id\":\"https:\/\/scemt.org\/#website\"},\"primaryImageOfPage\":{\"@id\":\"https:\/\/scemt.org\/?page_id=549#primaryimage\"},\"image\":{\"@id\":\"https:\/\/scemt.org\/?page_id=549#primaryimage\"},\"thumbnailUrl\":\"https:\/\/scemt.org\/wp-content\/uploads\/2020\/03\/Ca-Colon-31-de-Marzo.png\",\"datePublished\":\"2020-05-05T13:55:30+00:00\",\"dateModified\":\"2020-05-05T13:55:32+00:00\",\"breadcrumb\":{\"@id\":\"https:\/\/scemt.org\/?page_id=549#breadcrumb\"},\"inLanguage\":\"es-AR\",\"potentialAction\":[{\"@type\":\"ReadAction\",\"target\":[\"https:\/\/scemt.org\/?page_id=549\"]}]},{\"@type\":\"ImageObject\",\"inLanguage\":\"es-AR\",\"@id\":\"https:\/\/scemt.org\/?page_id=549#primaryimage\",\"url\":\"https:\/\/scemt.org\/wp-content\/uploads\/2020\/03\/Ca-Colon-31-de-Marzo.png\",\"contentUrl\":\"https:\/\/scemt.org\/wp-content\/uploads\/2020\/03\/Ca-Colon-31-de-Marzo.png\",\"width\":960,\"height\":720},{\"@type\":\"BreadcrumbList\",\"@id\":\"https:\/\/scemt.org\/?page_id=549#breadcrumb\",\"itemListElement\":[{\"@type\":\"ListItem\",\"position\":1,\"name\":\"Inicio\",\"item\":\"https:\/\/scemt.org\/\"},{\"@type\":\"ListItem\",\"position\":2,\"name\":\"31 de Marzo: D\u00eda Mundial Contra el C\u00e1ncer de Colon\"}]},{\"@type\":\"WebSite\",\"@id\":\"https:\/\/scemt.org\/#website\",\"url\":\"https:\/\/scemt.org\/\",\"name\":\"SCEMT\",\"description\":\"Sociedad Cient\u00edfica de Estudiantes de Medicina de Tucum\u00e1n\",\"publisher\":{\"@id\":\"https:\/\/scemt.org\/#organization\"},\"potentialAction\":[{\"@type\":\"SearchAction\",\"target\":{\"@type\":\"EntryPoint\",\"urlTemplate\":\"https:\/\/scemt.org\/?s={search_term_string}\"},\"query-input\":{\"@type\":\"PropertyValueSpecification\",\"valueRequired\":true,\"valueName\":\"search_term_string\"}}],\"inLanguage\":\"es-AR\"},{\"@type\":\"Organization\",\"@id\":\"https:\/\/scemt.org\/#organization\",\"name\":\"SCEMT\",\"url\":\"https:\/\/scemt.org\/\",\"logo\":{\"@type\":\"ImageObject\",\"inLanguage\":\"es-AR\",\"@id\":\"https:\/\/scemt.org\/#\/schema\/logo\/image\/\",\"url\":\"https:\/\/scemt.org\/wp-content\/uploads\/2023\/03\/Logo-SCEMT.png\",\"contentUrl\":\"https:\/\/scemt.org\/wp-content\/uploads\/2023\/03\/Logo-SCEMT.png\",\"width\":3794,\"height\":4393,\"caption\":\"SCEMT\"},\"image\":{\"@id\":\"https:\/\/scemt.org\/#\/schema\/logo\/image\/\"}}]}<\/script>\n<!-- \/ Yoast SEO plugin. -->","yoast_head_json":{"title":"31 de Marzo: D\u00eda Mundial Contra el C\u00e1ncer de Colon - SCEMT","robots":{"index":"index","follow":"follow","max-snippet":"max-snippet:-1","max-image-preview":"max-image-preview:large","max-video-preview":"max-video-preview:-1"},"canonical":"https:\/\/scemt.org\/?page_id=549","og_locale":"es_ES","og_type":"article","og_title":"31 de Marzo: D\u00eda Mundial Contra el C\u00e1ncer de Colon - SCEMT","og_description":"Este d\u00eda se celebra con el objetivo de\u00a0informar y sensibilizar\u00a0a la poblaci\u00f3n sobre la realidad y necesidades de los pacientes con esta enfermedad y sobre la importancia de la adopci\u00f3n de\u00a0h\u00e1bitos de vida saludables\u00a0para&#46;&#46;&#46;","og_url":"https:\/\/scemt.org\/?page_id=549","og_site_name":"SCEMT","article_modified_time":"2020-05-05T13:55:32+00:00","og_image":[{"width":960,"height":720,"url":"https:\/\/scemt.org\/wp-content\/uploads\/2020\/03\/Ca-Colon-31-de-Marzo.png","type":"image\/png"}],"twitter_card":"summary_large_image","twitter_misc":{"Tiempo de lectura":"1 minuto"},"schema":{"@context":"https:\/\/schema.org","@graph":[{"@type":"WebPage","@id":"https:\/\/scemt.org\/?page_id=549","url":"https:\/\/scemt.org\/?page_id=549","name":"31 de Marzo: D\u00eda Mundial Contra el C\u00e1ncer de Colon - SCEMT","isPartOf":{"@id":"https:\/\/scemt.org\/#website"},"primaryImageOfPage":{"@id":"https:\/\/scemt.org\/?page_id=549#primaryimage"},"image":{"@id":"https:\/\/scemt.org\/?page_id=549#primaryimage"},"thumbnailUrl":"https:\/\/scemt.org\/wp-content\/uploads\/2020\/03\/Ca-Colon-31-de-Marzo.png","datePublished":"2020-05-05T13:55:30+00:00","dateModified":"2020-05-05T13:55:32+00:00","breadcrumb":{"@id":"https:\/\/scemt.org\/?page_id=549#breadcrumb"},"inLanguage":"es-AR","potentialAction":[{"@type":"ReadAction","target":["https:\/\/scemt.org\/?page_id=549"]}]},{"@type":"ImageObject","inLanguage":"es-AR","@id":"https:\/\/scemt.org\/?page_id=549#primaryimage","url":"https:\/\/scemt.org\/wp-content\/uploads\/2020\/03\/Ca-Colon-31-de-Marzo.png","contentUrl":"https:\/\/scemt.org\/wp-content\/uploads\/2020\/03\/Ca-Colon-31-de-Marzo.png","width":960,"height":720},{"@type":"BreadcrumbList","@id":"https:\/\/scemt.org\/?page_id=549#breadcrumb","itemListElement":[{"@type":"ListItem","position":1,"name":"Inicio","item":"https:\/\/scemt.org\/"},{"@type":"ListItem","position":2,"name":"31 de Marzo: D\u00eda Mundial Contra el C\u00e1ncer de Colon"}]},{"@type":"WebSite","@id":"https:\/\/scemt.org\/#website","url":"https:\/\/scemt.org\/","name":"SCEMT","description":"Sociedad Cient\u00edfica de Estudiantes de Medicina de Tucum\u00e1n","publisher":{"@id":"https:\/\/scemt.org\/#organization"},"potentialAction":[{"@type":"SearchAction","target":{"@type":"EntryPoint","urlTemplate":"https:\/\/scemt.org\/?s={search_term_string}"},"query-input":{"@type":"PropertyValueSpecification","valueRequired":true,"valueName":"search_term_string"}}],"inLanguage":"es-AR"},{"@type":"Organization","@id":"https:\/\/scemt.org\/#organization","name":"SCEMT","url":"https:\/\/scemt.org\/","logo":{"@type":"ImageObject","inLanguage":"es-AR","@id":"https:\/\/scemt.org\/#\/schema\/logo\/image\/","url":"https:\/\/scemt.org\/wp-content\/uploads\/2023\/03\/Logo-SCEMT.png","contentUrl":"https:\/\/scemt.org\/wp-content\/uploads\/2023\/03\/Logo-SCEMT.png","width":3794,"height":4393,"caption":"SCEMT"},"image":{"@id":"https:\/\/scemt.org\/#\/schema\/logo\/image\/"}}]}},"jetpack_sharing_enabled":true,"_links":{"self":[{"href":"https:\/\/scemt.org\/index.php?rest_route=\/wp\/v2\/pages\/549","targetHints":{"allow":["GET"]}}],"collection":[{"href":"https:\/\/scemt.org\/index.php?rest_route=\/wp\/v2\/pages"}],"about":[{"href":"https:\/\/scemt.org\/index.php?rest_route=\/wp\/v2\/types\/page"}],"author":[{"embeddable":true,"href":"https:\/\/scemt.org\/index.php?rest_route=\/wp\/v2\/users\/1"}],"replies":[{"embeddable":true,"href":"https:\/\/scemt.org\/index.php?rest_route=%2Fwp%2Fv2%2Fcomments&post=549"}],"version-history":[{"count":1,"href":"https:\/\/scemt.org\/index.php?rest_route=\/wp\/v2\/pages\/549\/revisions"}],"predecessor-version":[{"id":550,"href":"https:\/\/scemt.org\/index.php?rest_route=\/wp\/v2\/pages\/549\/revisions\/550"}],"wp:attachment":[{"href":"https:\/\/scemt.org\/index.php?rest_route=%2Fwp%2Fv2%2Fmedia&parent=549"}],"curies":[{"name":"wp","href":"https:\/\/api.w.org\/{rel}","templated":true}]}}