{"id":593,"date":"2020-05-05T13:47:42","date_gmt":"2020-05-05T16:47:42","guid":{"rendered":"https:\/\/scemt.org\/?page_id=593"},"modified":"2020-05-05T13:47:44","modified_gmt":"2020-05-05T16:47:44","slug":"5-de-mayo-dia-mundial-del-asma","status":"publish","type":"page","link":"https:\/\/scemt.org\/?page_id=593","title":{"rendered":"5 de Mayo: D\u00eda Mundial del Asma"},"content":{"rendered":"\n<figure class=\"wp-block-image size-large\"><img loading=\"lazy\" decoding=\"async\" width=\"1024\" height=\"1024\" src=\"https:\/\/scemt.org\/wp-content\/uploads\/2020\/05\/D\u00eda-de-1024x1024.png\" alt=\"\" class=\"wp-image-594\" srcset=\"https:\/\/scemt.org\/wp-content\/uploads\/2020\/05\/D\u00eda-de-1024x1024.png 1024w, https:\/\/scemt.org\/wp-content\/uploads\/2020\/05\/D\u00eda-de-300x300.png 300w, https:\/\/scemt.org\/wp-content\/uploads\/2020\/05\/D\u00eda-de-150x150.png 150w, https:\/\/scemt.org\/wp-content\/uploads\/2020\/05\/D\u00eda-de-768x768.png 768w, https:\/\/scemt.org\/wp-content\/uploads\/2020\/05\/D\u00eda-de-1536x1536.png 1536w, https:\/\/scemt.org\/wp-content\/uploads\/2020\/05\/D\u00eda-de-160x160.png 160w, https:\/\/scemt.org\/wp-content\/uploads\/2020\/05\/D\u00eda-de-320x320.png 320w, https:\/\/scemt.org\/wp-content\/uploads\/2020\/05\/D\u00eda-de.png 2000w\" sizes=\"auto, (max-width: 1024px) 100vw, 1024px\" \/><\/figure>\n\n\n<p>Este d\u00eda se celebra el primer martes de Mayo. Es una efem\u00e9ride impulsada por\u00a0la <em>Iniciativa Global para el Asma<\/em> (GINA, por sus siglas en ingles) con el objetivo de concienciar a la poblaci\u00f3n sobre esta enfermedad y mejorar el conocimiento sobre la misma, recabar la atenci\u00f3n de la sociedad en general, involucrar a los pacientes con la atenci\u00f3n y control del asma, reducir los factores de riesgo, optimizar los cuidados de los pacientes asm\u00e1ticos de todas las edades, y ense\u00f1ar qu\u00e9 se debe hacer ante un posible ataque o crisis de esta enfermedad.<\/p>\n<p>El asma es una enfermedad cr\u00f3nica que se caracteriza por ataques recurrentes de sensaci\u00f3n de falta de aire (disnea) y sibilancias (sonido de silbidos provenientes de las v\u00edas respiratorias), que var\u00edan en severidad y frecuencia de una persona a otra. Los s\u00edntomas pueden sobrevenir varias veces al d\u00eda o a la semana, y en algunas personas se agravan durante la actividad f\u00edsica o por la noche. Tiene como principales factores de riesgo una predisposici\u00f3n gen\u00e9tica, la exposici\u00f3n a al\u00e9rgenos, productos qu\u00edmicos inhalatorios y el humo de tabaco, entre otras causas.<\/p>\n<p>El evento conocido como crisis o ataque de asma se produce porque el revestimiento de los bronquios se inflama, lo que provoca un estrechamiento de las v\u00edas respiratorias y una disminuci\u00f3n del flujo de aire que entra y sale de los pulmones. Los s\u00edntomas recurrentes causan con frecuencia insomnio, fatiga diurna, una disminuci\u00f3n de la actividad, y absentismo escolar y laboral. La tasa de letalidad del asma es relativamente baja en comparaci\u00f3n con otras enfermedades cr\u00f3nicas.<\/p>\n<p>A menudo el asma no se diagnostica correctamente ni recibe el tratamiento adecuado, creando as\u00ed una importante carga para los pacientes y sus familias, pudiendo limitar las actividades de esa persona. Actualmente, con un tratamiento adecuado los pacientes pueden lograr el control total de la enfermedad, realizando una vida normal, sin presentar s\u00edntomas o con muy pocos.<br \/>La responsabilidad del manejo del asma no es exclusivamente de los pacientes, puesto que se requiere un esfuerzo conjunto y coordinado entre pacientes, cuidadores, profesionales de salud, grupos comunitarios y el sistema de atenci\u00f3n de salud.<\/p>\n<p>En Argentina existe el <strong>Programa Nacional de Enfermedades Respiratorias Cr\u00f3nicas<\/strong>, un programa destinado a contribuir con la reducci\u00f3n de la morbilidad y la mortalidad por este tipo de enfermedades (priorizando asma y EPOC) a partir de la orientaci\u00f3n en su detecci\u00f3n, manejo y tratamiento ambulatorio.<\/p>\n<p>Este a\u00f1o la GINA utiliza el lema:<\/p>\n<p style=\"text-align: center;\"><em>&lt;&lt;<\/em>\u00a0<em>Basta ya de muertes por asma<\/em><em>. &gt;&gt;<\/em><\/p>","protected":false},"excerpt":{"rendered":"<p>Este d\u00eda se celebra el primer martes de Mayo. Es una efem\u00e9ride impulsada por\u00a0la Iniciativa Global para el Asma (GINA, por sus siglas en ingles) con el objetivo de concienciar a la poblaci\u00f3n sobre&#46;&#46;&#46;<\/p>\n","protected":false},"author":1,"featured_media":0,"parent":0,"menu_order":0,"comment_status":"closed","ping_status":"closed","template":"","meta":{"_mc_calendar":[],"footnotes":""},"class_list":["post-593","page","type-page","status-publish","hentry"],"yoast_head":"<!-- This site is optimized with the Yoast SEO plugin v25.2 - https:\/\/yoast.com\/wordpress\/plugins\/seo\/ -->\n<title>5 de Mayo: D\u00eda Mundial del Asma - SCEMT<\/title>\n<meta name=\"robots\" content=\"index, follow, max-snippet:-1, max-image-preview:large, max-video-preview:-1\" \/>\n<link rel=\"canonical\" href=\"https:\/\/scemt.org\/?page_id=593\" \/>\n<meta property=\"og:locale\" content=\"es_ES\" \/>\n<meta property=\"og:type\" content=\"article\" \/>\n<meta property=\"og:title\" content=\"5 de Mayo: D\u00eda Mundial del Asma - SCEMT\" \/>\n<meta property=\"og:description\" content=\"Este d\u00eda se celebra el primer martes de Mayo. Es una efem\u00e9ride impulsada por\u00a0la Iniciativa Global para el Asma (GINA, por sus siglas en ingles) con el objetivo de concienciar a la poblaci\u00f3n sobre&#046;&#046;&#046;\" \/>\n<meta property=\"og:url\" content=\"https:\/\/scemt.org\/?page_id=593\" \/>\n<meta property=\"og:site_name\" content=\"SCEMT\" \/>\n<meta property=\"article:modified_time\" content=\"2020-05-05T16:47:44+00:00\" \/>\n<meta name=\"twitter:card\" content=\"summary_large_image\" \/>\n<meta name=\"twitter:label1\" content=\"Tiempo de lectura\" \/>\n\t<meta name=\"twitter:data1\" content=\"2 minutos\" \/>\n<script type=\"application\/ld+json\" class=\"yoast-schema-graph\">{\"@context\":\"https:\/\/schema.org\",\"@graph\":[{\"@type\":\"WebPage\",\"@id\":\"https:\/\/scemt.org\/?page_id=593\",\"url\":\"https:\/\/scemt.org\/?page_id=593\",\"name\":\"5 de Mayo: D\u00eda Mundial del Asma - SCEMT\",\"isPartOf\":{\"@id\":\"https:\/\/scemt.org\/#website\"},\"datePublished\":\"2020-05-05T16:47:42+00:00\",\"dateModified\":\"2020-05-05T16:47:44+00:00\",\"breadcrumb\":{\"@id\":\"https:\/\/scemt.org\/?page_id=593#breadcrumb\"},\"inLanguage\":\"es-AR\",\"potentialAction\":[{\"@type\":\"ReadAction\",\"target\":[\"https:\/\/scemt.org\/?page_id=593\"]}]},{\"@type\":\"BreadcrumbList\",\"@id\":\"https:\/\/scemt.org\/?page_id=593#breadcrumb\",\"itemListElement\":[{\"@type\":\"ListItem\",\"position\":1,\"name\":\"Inicio\",\"item\":\"https:\/\/scemt.org\/\"},{\"@type\":\"ListItem\",\"position\":2,\"name\":\"5 de Mayo: D\u00eda Mundial del Asma\"}]},{\"@type\":\"WebSite\",\"@id\":\"https:\/\/scemt.org\/#website\",\"url\":\"https:\/\/scemt.org\/\",\"name\":\"SCEMT\",\"description\":\"Sociedad Cient\u00edfica de Estudiantes de Medicina de Tucum\u00e1n\",\"publisher\":{\"@id\":\"https:\/\/scemt.org\/#organization\"},\"potentialAction\":[{\"@type\":\"SearchAction\",\"target\":{\"@type\":\"EntryPoint\",\"urlTemplate\":\"https:\/\/scemt.org\/?s={search_term_string}\"},\"query-input\":{\"@type\":\"PropertyValueSpecification\",\"valueRequired\":true,\"valueName\":\"search_term_string\"}}],\"inLanguage\":\"es-AR\"},{\"@type\":\"Organization\",\"@id\":\"https:\/\/scemt.org\/#organization\",\"name\":\"SCEMT\",\"url\":\"https:\/\/scemt.org\/\",\"logo\":{\"@type\":\"ImageObject\",\"inLanguage\":\"es-AR\",\"@id\":\"https:\/\/scemt.org\/#\/schema\/logo\/image\/\",\"url\":\"https:\/\/scemt.org\/wp-content\/uploads\/2023\/03\/Logo-SCEMT.png\",\"contentUrl\":\"https:\/\/scemt.org\/wp-content\/uploads\/2023\/03\/Logo-SCEMT.png\",\"width\":3794,\"height\":4393,\"caption\":\"SCEMT\"},\"image\":{\"@id\":\"https:\/\/scemt.org\/#\/schema\/logo\/image\/\"}}]}<\/script>\n<!-- \/ Yoast SEO plugin. -->","yoast_head_json":{"title":"5 de Mayo: D\u00eda Mundial del Asma - SCEMT","robots":{"index":"index","follow":"follow","max-snippet":"max-snippet:-1","max-image-preview":"max-image-preview:large","max-video-preview":"max-video-preview:-1"},"canonical":"https:\/\/scemt.org\/?page_id=593","og_locale":"es_ES","og_type":"article","og_title":"5 de Mayo: D\u00eda Mundial del Asma - SCEMT","og_description":"Este d\u00eda se celebra el primer martes de Mayo. Es una efem\u00e9ride impulsada por\u00a0la Iniciativa Global para el Asma (GINA, por sus siglas en ingles) con el objetivo de concienciar a la poblaci\u00f3n sobre&#46;&#46;&#46;","og_url":"https:\/\/scemt.org\/?page_id=593","og_site_name":"SCEMT","article_modified_time":"2020-05-05T16:47:44+00:00","twitter_card":"summary_large_image","twitter_misc":{"Tiempo de lectura":"2 minutos"},"schema":{"@context":"https:\/\/schema.org","@graph":[{"@type":"WebPage","@id":"https:\/\/scemt.org\/?page_id=593","url":"https:\/\/scemt.org\/?page_id=593","name":"5 de Mayo: D\u00eda Mundial del Asma - SCEMT","isPartOf":{"@id":"https:\/\/scemt.org\/#website"},"datePublished":"2020-05-05T16:47:42+00:00","dateModified":"2020-05-05T16:47:44+00:00","breadcrumb":{"@id":"https:\/\/scemt.org\/?page_id=593#breadcrumb"},"inLanguage":"es-AR","potentialAction":[{"@type":"ReadAction","target":["https:\/\/scemt.org\/?page_id=593"]}]},{"@type":"BreadcrumbList","@id":"https:\/\/scemt.org\/?page_id=593#breadcrumb","itemListElement":[{"@type":"ListItem","position":1,"name":"Inicio","item":"https:\/\/scemt.org\/"},{"@type":"ListItem","position":2,"name":"5 de Mayo: D\u00eda Mundial del Asma"}]},{"@type":"WebSite","@id":"https:\/\/scemt.org\/#website","url":"https:\/\/scemt.org\/","name":"SCEMT","description":"Sociedad Cient\u00edfica de Estudiantes de Medicina de Tucum\u00e1n","publisher":{"@id":"https:\/\/scemt.org\/#organization"},"potentialAction":[{"@type":"SearchAction","target":{"@type":"EntryPoint","urlTemplate":"https:\/\/scemt.org\/?s={search_term_string}"},"query-input":{"@type":"PropertyValueSpecification","valueRequired":true,"valueName":"search_term_string"}}],"inLanguage":"es-AR"},{"@type":"Organization","@id":"https:\/\/scemt.org\/#organization","name":"SCEMT","url":"https:\/\/scemt.org\/","logo":{"@type":"ImageObject","inLanguage":"es-AR","@id":"https:\/\/scemt.org\/#\/schema\/logo\/image\/","url":"https:\/\/scemt.org\/wp-content\/uploads\/2023\/03\/Logo-SCEMT.png","contentUrl":"https:\/\/scemt.org\/wp-content\/uploads\/2023\/03\/Logo-SCEMT.png","width":3794,"height":4393,"caption":"SCEMT"},"image":{"@id":"https:\/\/scemt.org\/#\/schema\/logo\/image\/"}}]}},"jetpack_sharing_enabled":true,"_links":{"self":[{"href":"https:\/\/scemt.org\/index.php?rest_route=\/wp\/v2\/pages\/593","targetHints":{"allow":["GET"]}}],"collection":[{"href":"https:\/\/scemt.org\/index.php?rest_route=\/wp\/v2\/pages"}],"about":[{"href":"https:\/\/scemt.org\/index.php?rest_route=\/wp\/v2\/types\/page"}],"author":[{"embeddable":true,"href":"https:\/\/scemt.org\/index.php?rest_route=\/wp\/v2\/users\/1"}],"replies":[{"embeddable":true,"href":"https:\/\/scemt.org\/index.php?rest_route=%2Fwp%2Fv2%2Fcomments&post=593"}],"version-history":[{"count":1,"href":"https:\/\/scemt.org\/index.php?rest_route=\/wp\/v2\/pages\/593\/revisions"}],"predecessor-version":[{"id":595,"href":"https:\/\/scemt.org\/index.php?rest_route=\/wp\/v2\/pages\/593\/revisions\/595"}],"wp:attachment":[{"href":"https:\/\/scemt.org\/index.php?rest_route=%2Fwp%2Fv2%2Fmedia&parent=593"}],"curies":[{"name":"wp","href":"https:\/\/api.w.org\/{rel}","templated":true}]}}